{"id":7849,"date":"2023-11-09T16:50:57","date_gmt":"2023-11-09T15:50:57","guid":{"rendered":"https:\/\/aammb.cat\/?post_type=tribe_events&#038;p=7849"},"modified":"2024-04-10T14:02:29","modified_gmt":"2024-04-10T12:02:29","slug":"exposicion-en-el-mmb-retratos-de-barcos","status":"publish","type":"tribe_events","link":"https:\/\/aammb.cat\/es\/event\/exposicion-en-el-mmb-retratos-de-barcos\/","title":{"rendered":"Exposici\u00f3n en el MMB: Retratos de Barcos"},"content":{"rendered":"<p><strong>Retratos de barcos. Del siglo XIX a los \u00abshipspotters\u00bb<\/strong><\/p>\n<p><strong>Del 9 de Junio de 2023 hasta el 17 de Noviembre de 2024<\/strong><\/p>\n<p>El pr\u00f3ximo 21 de Marzo celebraremos la Asamblea anual de socios de la AAMMB, donde se proceder\u00e1 a la lectura del acta y revisaremos todas las actividades desarrolladas a lo largo del ejercicio 2023.<\/p>\n<p>Con esta exposici\u00f3n, el Museu Mar\u00edtim muestra c\u00f3mo han evolucionado los retratos de los barcos de la mano de los avances tecnol\u00f3gicos y de los cambios sociales, adapt\u00e1ndose a las herramientas de representaci\u00f3n de im\u00e1genes de cada momento, cambiando los motivos para hacer el retrato, de qui\u00e9n hace el encargo, as\u00ed como, los perfiles de los autores y la forma de difundirlos.<\/p>\n<p>La exposici\u00f3n se inicia con una breve introducci\u00f3n mostrando algunos antecedentes del s. XVIII. A partir de aqu\u00ed, se hace un recorrido cronol\u00f3gico mostrando c\u00f3mo ha ido cambiando la forma de realizar estos retratos y las t\u00e9cnicas que se han utilizado. Desde el siglo XIX, con el crecimiento de las grandes empresas navieras y el inicio de una gran demanda y producci\u00f3n de retratos pintados de barcos, hasta la actualidad con los <em>shipspotters<\/em> u observadores de barcos presentes en los puertos de todo el mundo que, adem\u00e1s de im\u00e1genes, comparten la informaci\u00f3n t\u00e9cnica de las embarcaciones.<\/p>\n<p>Desde el museo se ofrecer\u00e1n, adem\u00e1s, visitas comentadas exclusivas para los socios y socias de la Asociaci\u00f3n de Amigos del Museo Mar\u00edtimo de Barcelona. \u00a1Cons\u00faltenos las fechas!<\/p>\n<p><strong>INFORMACI\u00d3N:<\/strong><br \/>\nFechas: Del 09\/06\/2023 al 17\/11\/2024<br \/>\nHorario: De 10:00h a 20:00h<br \/>\nLugar: Naves de las Drassanes (nave 1)<\/p>\n<p>M\u00e1s info: <a href=\"https:\/\/www.mmb.cat\/exposicions\/retrats-de-vaixells\/\" target=\"_blank\" rel=\"noopener\"><strong>mmb.cat<\/strong><\/a><br \/>\nTambi\u00e9n puede visitar la<strong><a href=\"https:\/\/my.mpskin.com\/ca\/tour\/zyd566913f\" target=\"_blank\" rel=\"noopener\">Exposici\u00f3n virtual en 3D haciendo click aqu\u00ed.<\/a><\/strong><\/p>\n","protected":false},"excerpt":{"rendered":"<p>Asamblea de Socios AAMMB. El pr\u00f3ximo 21 de Marzo celebraremos la Asamblea anual de socios de la AAMMB, donde se proceder\u00e1 a la lectura del acta y revisaremos todas las actividades desarrolladas a lo largo del ejercicio 2023.<\/p>\n","protected":false},"author":1,"featured_media":7800,"template":"","meta":{"_monsterinsights_skip_tracking":false,"_monsterinsights_sitenote_active":false,"_monsterinsights_sitenote_note":"","_monsterinsights_sitenote_category":0,"_tribe_events_status":"","_tribe_events_status_reason":"","footnotes":""},"tags":[129,234,175,141,151,211,180],"tribe_events_cat":[185],"class_list":["post-7849","tribe_events","type-tribe_events","status-publish","has-post-thumbnail","hentry","tag-aammb-es","tag-barcos","tag-dibujo","tag-exposicion","tag-mmb-es","tag-museu-maritim-barcelona-es","tag-pintura-es","tribe_events_cat-exposiciones-y-encuentros","cat_exposiciones-y-encuentros"],"yoast_head":"<!-- This site is optimized with the Yoast SEO plugin v27.5 - https:\/\/yoast.com\/product\/yoast-seo-wordpress\/ -->\n<title>Exposici\u00f3n en el MMB: Retratos de Barcos - aammb - Associaci\u00f3 d&#039;Amics del Museu Mar\u00edtim de Barcelona<\/title>\n<meta name=\"description\" content=\"Exposici\u00f3n en el MMB Retratos de Barcos. El pr\u00f3ximo 21 de Marzo celebraremos la Asamblea anual de socios de la AAMMB, donde se proceder\u00e1 a la lectura del acta y revisaremos todas las actividades desarrolladas a lo largo del ejercicio 2023.\" \/>\n<meta name=\"robots\" content=\"index, follow, max-snippet:-1, max-image-preview:large, max-video-preview:-1\" \/>\n<link rel=\"canonical\" href=\"http:\/\/aammb.cat\/event\/exposicio-al-mmb-retrats-de-vaixells\/\" \/>\n<meta property=\"og:locale\" content=\"es_ES\" \/>\n<meta property=\"og:type\" content=\"article\" \/>\n<meta property=\"og:title\" content=\"Exposici\u00f3n en el MMB: Retratos de Barcos - aammb - Associaci\u00f3 d&#039;Amics del Museu Mar\u00edtim de Barcelona\" \/>\n<meta property=\"og:description\" content=\"Exposici\u00f3n en el MMB Retratos de Barcos. El pr\u00f3ximo 21 de Marzo celebraremos la Asamblea anual de socios de la AAMMB, donde se proceder\u00e1 a la lectura del acta y revisaremos todas las actividades desarrolladas a lo largo del ejercicio 2023.\" \/>\n<meta property=\"og:url\" content=\"http:\/\/aammb.cat\/event\/exposicio-al-mmb-retrats-de-vaixells\/\" \/>\n<meta property=\"og:site_name\" content=\"aammb - Associaci\u00f3 d&#039;Amics del Museu Mar\u00edtim de Barcelona\" \/>\n<meta property=\"article:modified_time\" content=\"2024-04-10T12:02:29+00:00\" \/>\n<meta property=\"og:image\" content=\"http:\/\/aammb.cat\/wp-content\/uploads\/2023\/11\/Exposicio-MMB-Retrats-de-Vaixells-aammb-amics-museu-maritim-barcelona.jpg\" \/>\n\t<meta property=\"og:image:width\" content=\"850\" \/>\n\t<meta property=\"og:image:height\" content=\"425\" \/>\n\t<meta property=\"og:image:type\" content=\"image\/jpeg\" \/>\n<meta name=\"twitter:card\" content=\"summary_large_image\" \/>\n<meta name=\"twitter:label1\" content=\"Tiempo de lectura\" \/>\n\t<meta name=\"twitter:data1\" content=\"2 minutos\" \/>\n<script type=\"application\/ld+json\" class=\"yoast-schema-graph\">{\"@context\":\"https:\\\/\\\/schema.org\",\"@graph\":[{\"@type\":\"WebPage\",\"@id\":\"http:\\\/\\\/aammb.cat\\\/event\\\/exposicio-al-mmb-retrats-de-vaixells\\\/\",\"url\":\"http:\\\/\\\/aammb.cat\\\/event\\\/exposicio-al-mmb-retrats-de-vaixells\\\/\",\"name\":\"Exposici\u00f3n en el MMB: Retratos de Barcos - aammb - Associaci\u00f3 d&#039;Amics del Museu Mar\u00edtim de Barcelona\",\"isPartOf\":{\"@id\":\"https:\\\/\\\/aammb.cat\\\/#website\"},\"primaryImageOfPage\":{\"@id\":\"http:\\\/\\\/aammb.cat\\\/event\\\/exposicio-al-mmb-retrats-de-vaixells\\\/#primaryimage\"},\"image\":{\"@id\":\"http:\\\/\\\/aammb.cat\\\/event\\\/exposicio-al-mmb-retrats-de-vaixells\\\/#primaryimage\"},\"thumbnailUrl\":\"https:\\\/\\\/aammb.cat\\\/wp-content\\\/uploads\\\/2023\\\/11\\\/Exposicio-MMB-Retrats-de-Vaixells-aammb-amics-museu-maritim-barcelona.jpg\",\"datePublished\":\"2023-11-09T15:50:57+00:00\",\"dateModified\":\"2024-04-10T12:02:29+00:00\",\"description\":\"Exposici\u00f3n en el MMB Retratos de Barcos. El pr\u00f3ximo 21 de Marzo celebraremos la Asamblea anual de socios de la AAMMB, donde se proceder\u00e1 a la lectura del acta y revisaremos todas las actividades desarrolladas a lo largo del ejercicio 2023.\",\"breadcrumb\":{\"@id\":\"http:\\\/\\\/aammb.cat\\\/event\\\/exposicio-al-mmb-retrats-de-vaixells\\\/#breadcrumb\"},\"inLanguage\":\"es\",\"potentialAction\":[{\"@type\":\"ReadAction\",\"target\":[\"http:\\\/\\\/aammb.cat\\\/event\\\/exposicio-al-mmb-retrats-de-vaixells\\\/\"]}]},{\"@type\":\"ImageObject\",\"inLanguage\":\"es\",\"@id\":\"http:\\\/\\\/aammb.cat\\\/event\\\/exposicio-al-mmb-retrats-de-vaixells\\\/#primaryimage\",\"url\":\"https:\\\/\\\/aammb.cat\\\/wp-content\\\/uploads\\\/2023\\\/11\\\/Exposicio-MMB-Retrats-de-Vaixells-aammb-amics-museu-maritim-barcelona.jpg\",\"contentUrl\":\"https:\\\/\\\/aammb.cat\\\/wp-content\\\/uploads\\\/2023\\\/11\\\/Exposicio-MMB-Retrats-de-Vaixells-aammb-amics-museu-maritim-barcelona.jpg\",\"width\":850,\"height\":425},{\"@type\":\"BreadcrumbList\",\"@id\":\"http:\\\/\\\/aammb.cat\\\/event\\\/exposicio-al-mmb-retrats-de-vaixells\\\/#breadcrumb\",\"itemListElement\":[{\"@type\":\"ListItem\",\"position\":1,\"name\":\"Inici\",\"item\":\"https:\\\/\\\/aammb.cat\\\/es\\\/\"},{\"@type\":\"ListItem\",\"position\":2,\"name\":\"Eventos\",\"item\":\"https:\\\/\\\/aammb.cat\\\/es\\\/eventos\\\/\"},{\"@type\":\"ListItem\",\"position\":3,\"name\":\"Exposici\u00f3n en el MMB: Retratos de Barcos\"}]},{\"@type\":\"WebSite\",\"@id\":\"https:\\\/\\\/aammb.cat\\\/#website\",\"url\":\"https:\\\/\\\/aammb.cat\\\/\",\"name\":\"aammb - Associaci\u00f3 d&#039;Amics del Museu Mar\u00edtim de Barcelona\",\"description\":\"Associaci\u00f3 d&#039;Amics del Museu Mar\u00edtim de Barcelona\",\"publisher\":{\"@id\":\"https:\\\/\\\/aammb.cat\\\/#organization\"},\"alternateName\":\"AAMMB\",\"potentialAction\":[{\"@type\":\"SearchAction\",\"target\":{\"@type\":\"EntryPoint\",\"urlTemplate\":\"https:\\\/\\\/aammb.cat\\\/?s={search_term_string}\"},\"query-input\":{\"@type\":\"PropertyValueSpecification\",\"valueRequired\":true,\"valueName\":\"search_term_string\"}}],\"inLanguage\":\"es\"},{\"@type\":\"Organization\",\"@id\":\"https:\\\/\\\/aammb.cat\\\/#organization\",\"name\":\"aammb - Associaci\u00f3 d&#039;Amics del Museu Mar\u00edtim de Barcelona\",\"alternateName\":\"AAMMB\",\"url\":\"https:\\\/\\\/aammb.cat\\\/\",\"logo\":{\"@type\":\"ImageObject\",\"inLanguage\":\"es\",\"@id\":\"https:\\\/\\\/aammb.cat\\\/#\\\/schema\\\/logo\\\/image\\\/\",\"url\":\"https:\\\/\\\/aammb.cat\\\/wp-content\\\/uploads\\\/2023\\\/03\\\/logo-AAMMB-2.png\",\"contentUrl\":\"https:\\\/\\\/aammb.cat\\\/wp-content\\\/uploads\\\/2023\\\/03\\\/logo-AAMMB-2.png\",\"width\":320,\"height\":320,\"caption\":\"aammb - Associaci\u00f3 d&#039;Amics del Museu Mar\u00edtim de Barcelona\"},\"image\":{\"@id\":\"https:\\\/\\\/aammb.cat\\\/#\\\/schema\\\/logo\\\/image\\\/\"},\"sameAs\":[\"https:\\\/\\\/www.instagram.com\\\/amics.museu\\\/\",\"https:\\\/\\\/www.youtube.com\\\/@aammb\"]}]}<\/script>\n<!-- \/ Yoast SEO plugin. -->","yoast_head_json":{"title":"Exposici\u00f3n en el MMB: Retratos de Barcos - aammb - Associaci\u00f3 d&#039;Amics del Museu Mar\u00edtim de Barcelona","description":"Exposici\u00f3n en el MMB Retratos de Barcos. El pr\u00f3ximo 21 de Marzo celebraremos la Asamblea anual de socios de la AAMMB, donde se proceder\u00e1 a la lectura del acta y revisaremos todas las actividades desarrolladas a lo largo del ejercicio 2023.","robots":{"index":"index","follow":"follow","max-snippet":"max-snippet:-1","max-image-preview":"max-image-preview:large","max-video-preview":"max-video-preview:-1"},"canonical":"http:\/\/aammb.cat\/event\/exposicio-al-mmb-retrats-de-vaixells\/","og_locale":"es_ES","og_type":"article","og_title":"Exposici\u00f3n en el MMB: Retratos de Barcos - aammb - Associaci\u00f3 d&#039;Amics del Museu Mar\u00edtim de Barcelona","og_description":"Exposici\u00f3n en el MMB Retratos de Barcos. El pr\u00f3ximo 21 de Marzo celebraremos la Asamblea anual de socios de la AAMMB, donde se proceder\u00e1 a la lectura del acta y revisaremos todas las actividades desarrolladas a lo largo del ejercicio 2023.","og_url":"http:\/\/aammb.cat\/event\/exposicio-al-mmb-retrats-de-vaixells\/","og_site_name":"aammb - Associaci\u00f3 d&#039;Amics del Museu Mar\u00edtim de Barcelona","article_modified_time":"2024-04-10T12:02:29+00:00","og_image":[{"width":850,"height":425,"url":"http:\/\/aammb.cat\/wp-content\/uploads\/2023\/11\/Exposicio-MMB-Retrats-de-Vaixells-aammb-amics-museu-maritim-barcelona.jpg","type":"image\/jpeg"}],"twitter_card":"summary_large_image","twitter_misc":{"Tiempo de lectura":"2 minutos"},"schema":{"@context":"https:\/\/schema.org","@graph":[{"@type":"WebPage","@id":"http:\/\/aammb.cat\/event\/exposicio-al-mmb-retrats-de-vaixells\/","url":"http:\/\/aammb.cat\/event\/exposicio-al-mmb-retrats-de-vaixells\/","name":"Exposici\u00f3n en el MMB: Retratos de Barcos - aammb - Associaci\u00f3 d&#039;Amics del Museu Mar\u00edtim de Barcelona","isPartOf":{"@id":"https:\/\/aammb.cat\/#website"},"primaryImageOfPage":{"@id":"http:\/\/aammb.cat\/event\/exposicio-al-mmb-retrats-de-vaixells\/#primaryimage"},"image":{"@id":"http:\/\/aammb.cat\/event\/exposicio-al-mmb-retrats-de-vaixells\/#primaryimage"},"thumbnailUrl":"https:\/\/aammb.cat\/wp-content\/uploads\/2023\/11\/Exposicio-MMB-Retrats-de-Vaixells-aammb-amics-museu-maritim-barcelona.jpg","datePublished":"2023-11-09T15:50:57+00:00","dateModified":"2024-04-10T12:02:29+00:00","description":"Exposici\u00f3n en el MMB Retratos de Barcos. El pr\u00f3ximo 21 de Marzo celebraremos la Asamblea anual de socios de la AAMMB, donde se proceder\u00e1 a la lectura del acta y revisaremos todas las actividades desarrolladas a lo largo del ejercicio 2023.","breadcrumb":{"@id":"http:\/\/aammb.cat\/event\/exposicio-al-mmb-retrats-de-vaixells\/#breadcrumb"},"inLanguage":"es","potentialAction":[{"@type":"ReadAction","target":["http:\/\/aammb.cat\/event\/exposicio-al-mmb-retrats-de-vaixells\/"]}]},{"@type":"ImageObject","inLanguage":"es","@id":"http:\/\/aammb.cat\/event\/exposicio-al-mmb-retrats-de-vaixells\/#primaryimage","url":"https:\/\/aammb.cat\/wp-content\/uploads\/2023\/11\/Exposicio-MMB-Retrats-de-Vaixells-aammb-amics-museu-maritim-barcelona.jpg","contentUrl":"https:\/\/aammb.cat\/wp-content\/uploads\/2023\/11\/Exposicio-MMB-Retrats-de-Vaixells-aammb-amics-museu-maritim-barcelona.jpg","width":850,"height":425},{"@type":"BreadcrumbList","@id":"http:\/\/aammb.cat\/event\/exposicio-al-mmb-retrats-de-vaixells\/#breadcrumb","itemListElement":[{"@type":"ListItem","position":1,"name":"Inici","item":"https:\/\/aammb.cat\/es\/"},{"@type":"ListItem","position":2,"name":"Eventos","item":"https:\/\/aammb.cat\/es\/eventos\/"},{"@type":"ListItem","position":3,"name":"Exposici\u00f3n en el MMB: Retratos de Barcos"}]},{"@type":"WebSite","@id":"https:\/\/aammb.cat\/#website","url":"https:\/\/aammb.cat\/","name":"aammb - Associaci\u00f3 d&#039;Amics del Museu Mar\u00edtim de Barcelona","description":"Associaci\u00f3 d&#039;Amics del Museu Mar\u00edtim de Barcelona","publisher":{"@id":"https:\/\/aammb.cat\/#organization"},"alternateName":"AAMMB","potentialAction":[{"@type":"SearchAction","target":{"@type":"EntryPoint","urlTemplate":"https:\/\/aammb.cat\/?s={search_term_string}"},"query-input":{"@type":"PropertyValueSpecification","valueRequired":true,"valueName":"search_term_string"}}],"inLanguage":"es"},{"@type":"Organization","@id":"https:\/\/aammb.cat\/#organization","name":"aammb - Associaci\u00f3 d&#039;Amics del Museu Mar\u00edtim de Barcelona","alternateName":"AAMMB","url":"https:\/\/aammb.cat\/","logo":{"@type":"ImageObject","inLanguage":"es","@id":"https:\/\/aammb.cat\/#\/schema\/logo\/image\/","url":"https:\/\/aammb.cat\/wp-content\/uploads\/2023\/03\/logo-AAMMB-2.png","contentUrl":"https:\/\/aammb.cat\/wp-content\/uploads\/2023\/03\/logo-AAMMB-2.png","width":320,"height":320,"caption":"aammb - Associaci\u00f3 d&#039;Amics del Museu Mar\u00edtim de Barcelona"},"image":{"@id":"https:\/\/aammb.cat\/#\/schema\/logo\/image\/"},"sameAs":["https:\/\/www.instagram.com\/amics.museu\/","https:\/\/www.youtube.com\/@aammb"]}]}},"_links":{"self":[{"href":"https:\/\/aammb.cat\/es\/wp-json\/wp\/v2\/tribe_events\/7849","targetHints":{"allow":["GET"]}}],"collection":[{"href":"https:\/\/aammb.cat\/es\/wp-json\/wp\/v2\/tribe_events"}],"about":[{"href":"https:\/\/aammb.cat\/es\/wp-json\/wp\/v2\/types\/tribe_events"}],"author":[{"embeddable":true,"href":"https:\/\/aammb.cat\/es\/wp-json\/wp\/v2\/users\/1"}],"version-history":[{"count":6,"href":"https:\/\/aammb.cat\/es\/wp-json\/wp\/v2\/tribe_events\/7849\/revisions"}],"predecessor-version":[{"id":8090,"href":"https:\/\/aammb.cat\/es\/wp-json\/wp\/v2\/tribe_events\/7849\/revisions\/8090"}],"wp:featuredmedia":[{"embeddable":true,"href":"https:\/\/aammb.cat\/es\/wp-json\/wp\/v2\/media\/7800"}],"wp:attachment":[{"href":"https:\/\/aammb.cat\/es\/wp-json\/wp\/v2\/media?parent=7849"}],"wp:term":[{"taxonomy":"post_tag","embeddable":true,"href":"https:\/\/aammb.cat\/es\/wp-json\/wp\/v2\/tags?post=7849"},{"taxonomy":"tribe_events_cat","embeddable":true,"href":"https:\/\/aammb.cat\/es\/wp-json\/wp\/v2\/tribe_events_cat?post=7849"}],"curies":[{"name":"wp","href":"https:\/\/api.w.org\/{rel}","templated":true}]}}